{"id":852,"date":"2022-08-17T16:44:11","date_gmt":"2022-08-17T19:44:11","guid":{"rendered":"http:\/\/localhost\/g3inspecao\/queimados?page_id=852"},"modified":"2022-09-05T16:25:40","modified_gmt":"2022-09-05T19:25:40","slug":"inspecao","status":"publish","type":"page","link":"https:\/\/www.g3inspecaognv.com.br\/queimados\/inspecao\/","title":{"rendered":"Inspe\u00e7\u00e3o"},"content":{"rendered":"<p>[vc_row][vc_column]\n    <div class=\"wprt-headings style-1 clearfix text-left \">\n        <h2 class=\"heading \" >Inspe\u00e7\u00e3o<\/h2>\n                    <div class=\"sep clearfix\"><\/div>\n        \n            <\/div>\n        \n[vc_empty_space height=&#8221;50px&#8221;][vc_column_text]A inspe\u00e7\u00e3o veicular \u00e9 um processo que verifica o estado de conserva\u00e7\u00e3o e funcionamento do ve\u00edculo, e se o mesmo est\u00e1 em conformidade \u00e0s normas e regulamentos.<\/p>\n<p>Este procedimento est\u00e1 previsto nos artigos 104 e 106 do C\u00f3digo de Tr\u00e2nsito Brasileiro (CTB), que determina que todos os autom\u00f3veis em circula\u00e7\u00e3o devem estar em condi\u00e7\u00f5es de seguran\u00e7a, e a emiss\u00e3o de gases poluentes e os ru\u00eddos avaliados em inspe\u00e7\u00e3o obrigat\u00f3ria peri\u00f3dica.<\/p>\n<p>Diferente da vistoria, que avalia os aspectos visuais do ve\u00edculo para atestar o estado de conserva\u00e7\u00e3o, na inspe\u00e7\u00e3o veicular s\u00e3o efetuadas uma s\u00e9rie de testes e aplicadas diferentes t\u00e9cnicas para garantir que o ve\u00edculo est\u00e1 de acordo com a legisla\u00e7\u00e3o, com a ABNT (Associa\u00e7\u00e3o Brasileira de Normas T\u00e9cnicas), e com o CONAMA (Conselho Nacional de Meio Ambiente).<\/p>\n<p>Dentre os benef\u00edcios da inspe\u00e7\u00e3o veicular temos a redu\u00e7\u00e3o da polui\u00e7\u00e3o sonora e atmosf\u00e9rica e a redu\u00e7\u00e3o de acidentes causados por autom\u00f3veis em mau estado de conserva\u00e7\u00e3o.[\/vc_column_text][vc_empty_space height=&#8221;50px&#8221;][\/vc_column][\/vc_row][vc_row css=&#8221;.vc_custom_1660763837755{padding-bottom: 90px !important;}&#8221;][vc_column][vc_empty_space height=&#8221;50px&#8221;]\n    <div class=\"wprt-headings style-1 clearfix text-left \">\n        <h2 class=\"heading \" >Inspe\u00e7\u00f5es Habilitadas<\/h2>\n                    <div class=\"sep clearfix\"><\/div>\n        \n            <\/div>\n        \n[\/vc_column][\/vc_row][vc_row css=&#8221;.vc_custom_1660763837755{padding-bottom: 90px !important;}&#8221;][vc_column width=&#8221;1\/2&#8243;]\n        <div class=\"wprt-icon-box clearfix has-width style-7 icon-left grey-outline \">\n        <div class=\"icon-wrap\">\n                        <img decoding=\"async\" src=\"https:\/\/www.g3inspecaognv.com.br\/queimados\/wp-content\/uploads\/2022\/08\/carro.png\" alt=\"\">\n                    <\/div>\n        <h3 class=\"heading\">Autom\u00f3vel<\/h3>\n\n        <div class=\"desc\"><\/div>\n\n        <div class=\"elm-btn\">\n            <a class=\"simple-link font-heading\" href=\"http:\/\/localhost\/g3inspecao\/\" target=\"_self\"><\/a>        <\/div>\n    <\/div>\n    \n[\/vc_column][vc_column width=&#8221;1\/2&#8243;]\n        <div class=\"wprt-icon-box clearfix has-width style-7 icon-left grey-outline \">\n        <div class=\"icon-wrap\">\n                        <img decoding=\"async\" src=\"https:\/\/www.g3inspecaognv.com.br\/queimados\/wp-content\/uploads\/2022\/08\/caminhonete.png\" alt=\"\">\n                    <\/div>\n        <h3 class=\"heading\">Caminhonete<\/h3>\n\n        <div class=\"desc\"><\/div>\n\n        <div class=\"elm-btn\">\n                    <\/div>\n    <\/div>\n    \n[\/vc_column][\/vc_row][vc_row css=&#8221;.vc_custom_1660763837755{padding-bottom: 90px !important;}&#8221;][vc_column width=&#8221;1\/2&#8243;]\n        <div class=\"wprt-icon-box clearfix has-width style-7 icon-left grey-outline \">\n        <div class=\"icon-wrap\">\n                        <img decoding=\"async\" src=\"https:\/\/www.g3inspecaognv.com.br\/queimados\/wp-content\/uploads\/2022\/08\/utilitarios.png\" alt=\"\">\n                    <\/div>\n        <h3 class=\"heading\">Utilit\u00e1rios<\/h3>\n\n        <div class=\"desc\"><\/div>\n\n        <div class=\"elm-btn\">\n                    <\/div>\n    <\/div>\n    \n[\/vc_column][vc_column width=&#8221;1\/2&#8243;]\n        <div class=\"wprt-icon-box clearfix has-width style-7 icon-left grey-outline \">\n        <div class=\"icon-wrap\">\n                        <img decoding=\"async\" src=\"https:\/\/www.g3inspecaognv.com.br\/queimados\/wp-content\/uploads\/2022\/08\/camioneta.png\" alt=\"\">\n                    <\/div>\n        <h3 class=\"heading\">Camioneta<\/h3>\n\n        <div class=\"desc\"><\/div>\n\n        <div class=\"elm-btn\">\n                    <\/div>\n    <\/div>\n    \n[\/vc_column][\/vc_row][vc_row][vc_column]\n    <div class=\"wprt-headings style-1 clearfix text-left \">\n        <h2 class=\"heading \" >Perguntas Frequentes<\/h2>\n                    <div class=\"sep clearfix\"><\/div>\n        \n            <\/div>\n        \n[vc_empty_space height=&#8221;50px&#8221;]\n    <div class=\"wprt-accordions style-2 \">\n                <div class=\"accordion-item no-icon active\">\n            <h3 class=\"accordion-heading\">\n                <span class=\"inner\">Qual a Diferen\u00e7a entre Ciclomotor, Motoneta e Motocicleta?<\/span>\n            <\/h3>\n            <div class=\"accordion-content\">\n                De acordo com o CTB, ciclomotor \u00e9 um ve\u00edculo de duas ou tr\u00eas rodas, com motor de combust\u00e3o interna, cuja capacidade c\u00fabica n\u00e3o ultrapasse 50 cm\u00b3 e a velocidade final n\u00e3o exceda os 50 quil\u00f4metros por hora. De acordo com o CTB uma motoneta \u00e9 caracterizada por ser um ve\u00edculo automotor de duas rodas, dirigido por condutor em posi\u00e7\u00e3o sentada. J\u00e1 a motocicleta pode ser considerada ve\u00edculo automotor de duas rodas, com ou sem side-car, dirigido por condutor em posi\u00e7\u00e3o montada.             <\/div>\n        <\/div>\n                <div class=\"accordion-item no-icon \">\n            <h3 class=\"accordion-heading\">\n                <span class=\"inner\">Qual a Diferen\u00e7a entre Caminhonete e Camioneta?<\/span>\n            <\/h3>\n            <div class=\"accordion-content\">\n                De acordo com o CTB, caminhonete \u00e9 um ve\u00edculo destinado ao transporte de carga com peso bruto total de at\u00e9 tr\u00eas mil e quinhentos quilogramas. J\u00e1 a camioneta \u00e9 um ve\u00edculo misto destinado ao transporte de passageiros e carga no mesmo compartimento.            <\/div>\n        <\/div>\n                <div class=\"accordion-item no-icon \">\n            <h3 class=\"accordion-heading\">\n                <span class=\"inner\">O que \u00e9 a Inspe\u00e7\u00e3o de Seguran\u00e7a Veicular?<\/span>\n            <\/h3>\n            <div class=\"accordion-content\">\n                Processo de avalia\u00e7\u00e3o de um ve\u00edculo, visando verificar suas condi\u00e7\u00f5es de seguran\u00e7a, para que seja permitida, ou n\u00e3o, sua circula\u00e7\u00e3o em vias p\u00fablicas. Tal avalia\u00e7\u00e3o deve ser realizada em esta\u00e7\u00f5es de inspe\u00e7\u00e3o, com o ve\u00edculo apresentando-se em condi\u00e7\u00f5es de limpeza, que possibilitem a observa\u00e7\u00e3o da estrutura, sistemas, componentes e identifica\u00e7\u00e3o. Na inspe\u00e7\u00e3o, o ve\u00edculo n\u00e3o pode transportar ningu\u00e9m al\u00e9m do condutor. Toda a inspe\u00e7\u00e3o deve ser realizada por inspetores qualificados e habilitados e equipamentos calibrados. Durante a inspe\u00e7\u00e3o, n\u00e3o pode ser desmontado nenhum componente do ve\u00edculo.            <\/div>\n        <\/div>\n                <div class=\"accordion-item no-icon \">\n            <h3 class=\"accordion-heading\">\n                <span class=\"inner\">A inspe\u00e7\u00e3o realizada abrange somente os itens alterados do ve\u00edculo?<\/span>\n            <\/h3>\n            <div class=\"accordion-content\">\n                N\u00e3o. A Inspe\u00e7\u00e3o de Seguran\u00e7a Veicular em ve\u00edculos sinistrados e com altera\u00e7\u00f5es de caracter\u00edsticas originais segue as diretrizes dos Regulamentos T\u00e9cnicos da Qualidade, que abrangem todo o ve\u00edculo. O Certificado de Inspe\u00e7\u00e3o quando emitido comprova o integral atendimento do ve\u00edculo \u00e0 legisla\u00e7\u00e3o de tr\u00e2nsito e seguran\u00e7a.            <\/div>\n        <\/div>\n                <div class=\"accordion-item no-icon \">\n            <h3 class=\"accordion-heading\">\n                <span class=\"inner\">E se meu ve\u00edculo for reprovado?<\/span>\n            <\/h3>\n            <div class=\"accordion-content\">\n                O propriet\u00e1rio do ve\u00edculo\/equipamento receber\u00e1 um relat\u00f3rio constando todas as N\u00e3o Conformidades encontradas e ter\u00e1 um prazo de 30 dias corridos para regularizar os itens de reprova\u00e7\u00e3o e reapresenta-los a fim de constatar a conformidade. Caso o cliente perca o prazo o ve\u00edculo\/equipamento ser\u00e1 submetido a uma nova inspe\u00e7\u00e3o completa e com custos.            <\/div>\n        <\/div>\n            <\/div>\n        \n[vc_empty_space height=&#8221;50px&#8221;]\n    <div class=\"wprt-headings style-1 clearfix text-left \">\n        <h2 class=\"heading \" >Pr\u00e9 Agende sua Inspe\u00e7\u00e3o<\/h2>\n                    <div class=\"sep clearfix\"><\/div>\n        \n            <\/div>\n        \n[vc_empty_space height=&#8221;20px&#8221;]\n<div class=\"wpcf7 no-js\" id=\"wpcf7-f856-o1\" lang=\"pt-BR\" dir=\"ltr\">\n<div class=\"screen-reader-response\"><p role=\"status\" aria-live=\"polite\" aria-atomic=\"true\"><\/p> <ul><\/ul><\/div>\n<form action=\"\/queimados\/wp-json\/wp\/v2\/pages\/852#wpcf7-f856-o1\" method=\"post\" class=\"wpcf7-form init\" aria-label=\"Formul\u00e1rios de contato\" novalidate=\"novalidate\" data-status=\"init\">\n<div style=\"display: none;\">\n<input type=\"hidden\" name=\"_wpcf7\" value=\"856\" \/>\n<input type=\"hidden\" name=\"_wpcf7_version\" value=\"5.8.7\" \/>\n<input type=\"hidden\" name=\"_wpcf7_locale\" value=\"pt_BR\" \/>\n<input type=\"hidden\" name=\"_wpcf7_unit_tag\" value=\"wpcf7-f856-o1\" \/>\n<input type=\"hidden\" name=\"_wpcf7_container_post\" value=\"0\" \/>\n<input type=\"hidden\" name=\"_wpcf7_posted_data_hash\" value=\"\" \/>\n<\/div>\n<div class=\"wprt-contact-form style-1 margin-top-10\">\n\t<p><span class=\"wpcf7-form-control-wrap\" data-name=\"your-name\"><input size=\"40\" class=\"wpcf7-form-control wpcf7-text wpcf7-validates-as-required\" aria-required=\"true\" aria-invalid=\"false\" placeholder=\"Nome *\" value=\"\" type=\"text\" name=\"your-name\" \/><\/span>\n\t<\/p>\n\t<p><span class=\"wpcf7-form-control-wrap\" data-name=\"your-email\"><input size=\"40\" class=\"wpcf7-form-control wpcf7-email wpcf7-validates-as-required wpcf7-text wpcf7-validates-as-email\" aria-required=\"true\" aria-invalid=\"false\" placeholder=\"Email *\" value=\"\" type=\"email\" name=\"your-email\" \/><\/span>\n\t<\/p>\n\t<p><span class=\"wpcf7-form-control-wrap\" data-name=\"your-tel\"><input size=\"40\" class=\"wpcf7-form-control wpcf7-tel wpcf7-validates-as-required wpcf7-text wpcf7-validates-as-tel\" aria-required=\"true\" aria-invalid=\"false\" placeholder=\"Telefone\/WhatsApp *\" value=\"\" type=\"tel\" name=\"your-tel\" \/><\/span>\n\t<\/p>\n\t<p><span class=\"wpcf7-form-control-wrap\" data-name=\"your-service\"><select class=\"wpcf7-form-control wpcf7-select wpcf7-validates-as-required\" aria-required=\"true\" aria-invalid=\"false\" name=\"your-service\"><option value=\"Inspe\u00e7\u00e3o Veicular\">Inspe\u00e7\u00e3o Veicular<\/option><\/select><\/span>\n\t<\/p>\n\t<p><span class=\"wpcf7-form-control-wrap\" data-name=\"your-message\"><textarea cols=\"3\" rows=\"3\" class=\"wpcf7-form-control wpcf7-textarea wpcf7-validates-as-required\" aria-required=\"true\" aria-invalid=\"false\" placeholder=\"Mensagem *\" name=\"your-message\"><\/textarea><\/span>\n\t<\/p>\n\t<p><input class=\"wpcf7-form-control wpcf7-submit has-spinner submit\" type=\"submit\" value=\"Pr\u00e9 Agendar\" \/>\n\t<\/p>\n<\/div><div class=\"wpcf7-response-output\" aria-hidden=\"true\"><\/div>\n<\/form>\n<\/div>\n[vc_empty_space height=&#8221;100px&#8221;][\/vc_column][\/vc_row]<\/p>\n","protected":false},"excerpt":{"rendered":"<p>[vc_row][vc_column][vc_empty_space height=&#8221;50px&#8221;][vc_column_text]A inspe\u00e7\u00e3o veicular \u00e9 um processo que verifica o estado de conserva\u00e7\u00e3o e funcionamento do ve\u00edculo, e se o mesmo est\u00e1 em conformidade \u00e0s normas e regulamentos. Este procedimento est\u00e1 previsto nos artigos 104 e 106 do C\u00f3digo de Tr\u00e2nsito Brasileiro (CTB), que determina que todos os autom\u00f3veis em circula\u00e7\u00e3o devem estar em condi\u00e7\u00f5es [&hellip;]<\/p>\n","protected":false},"author":1,"featured_media":0,"parent":0,"menu_order":0,"comment_status":"closed","ping_status":"closed","template":"page-templates\/template-fullwidth.php","meta":{"footnotes":""},"class_list":["post-852","page","type-page","status-publish","hentry"],"_links":{"self":[{"href":"https:\/\/www.g3inspecaognv.com.br\/queimados\/wp-json\/wp\/v2\/pages\/852","targetHints":{"allow":["GET"]}}],"collection":[{"href":"https:\/\/www.g3inspecaognv.com.br\/queimados\/wp-json\/wp\/v2\/pages"}],"about":[{"href":"https:\/\/www.g3inspecaognv.com.br\/queimados\/wp-json\/wp\/v2\/types\/page"}],"author":[{"embeddable":true,"href":"https:\/\/www.g3inspecaognv.com.br\/queimados\/wp-json\/wp\/v2\/users\/1"}],"replies":[{"embeddable":true,"href":"https:\/\/www.g3inspecaognv.com.br\/queimados\/wp-json\/wp\/v2\/comments?post=852"}],"version-history":[{"count":21,"href":"https:\/\/www.g3inspecaognv.com.br\/queimados\/wp-json\/wp\/v2\/pages\/852\/revisions"}],"predecessor-version":[{"id":887,"href":"https:\/\/www.g3inspecaognv.com.br\/queimados\/wp-json\/wp\/v2\/pages\/852\/revisions\/887"}],"wp:attachment":[{"href":"https:\/\/www.g3inspecaognv.com.br\/queimados\/wp-json\/wp\/v2\/media?parent=852"}],"curies":[{"name":"wp","href":"https:\/\/api.w.org\/{rel}","templated":true}]}}