{"id":160,"date":"2018-08-01T09:20:05","date_gmt":"2018-08-01T09:20:05","guid":{"rendered":"http:\/\/localhost\/autoser\/?page_id=160"},"modified":"2022-09-08T08:25:54","modified_gmt":"2022-09-08T11:25:54","slug":"our-services","status":"publish","type":"page","link":"https:\/\/www.g3inspecaognv.com.br\/queimados\/our-services\/","title":{"rendered":"Servi\u00e7os"},"content":{"rendered":"<p>[vc_row][vc_column width=&#8221;1\/6&#8243;][\/vc_column][vc_column width=&#8221;2\/3&#8243;][vc_row_inner][vc_column_inner][vc_empty_space height=&#8221;50px&#8221;]\n    <div class=\"wprt-headings style-1 clearfix text-center \">\n        <h2 class=\"heading \" >Inspe\u00e7\u00f5es Habilitadas<\/h2>\n                    <div class=\"sep clearfix\"><\/div>\n        \n                    <div class=\"sub-heading clearfix\"><p>A G3 est\u00e1 habilitada a realizar as seguintes inspe\u00e7\u00f5es<\/p>\n<\/div>\n            <\/div>\n        \n[vc_empty_space height=&#8221;50px&#8221;][\/vc_column_inner][\/vc_row_inner][vc_row_inner][vc_column_inner width=&#8221;1\/2&#8243;][vc_single_image image=&#8221;956&#8243; img_size=&#8221;&#8221; onclick=&#8221;custom_link&#8221; link=&#8221;https:\/\/www.g3inspecaognv.com.br\/queimados\/automovel-com-sistema-de-gnv-instalado\/&#8221;][vc_empty_space height=&#8221;20px&#8221;]\n    <div class=\"wprt-headings style-1 clearfix text-left \">\n        <h6 class=\"heading \" >Autom\u00f3vel com Sistema de GNV Instalado;<\/h6>\n        \n            <\/div>\n        \n[\/vc_column_inner][vc_column_inner width=&#8221;1\/2&#8243;][vc_single_image image=&#8221;955&#8243; img_size=&#8221;&#8221; onclick=&#8221;custom_link&#8221; link=&#8221;https:\/\/www.g3inspecaognv.com.br\/queimados\/caminhonete-com-sistema-de-gnv-instalado\/&#8221;][vc_empty_space height=&#8221;20px&#8221;]\n    <div class=\"wprt-headings style-1 clearfix text-left \">\n        <h6 class=\"heading \" >Caminhonete com Sistema de GNV instalado<\/h6>\n        \n            <\/div>\n        \n[\/vc_column_inner][\/vc_row_inner][vc_row_inner][vc_column_inner width=&#8221;1\/2&#8243;][vc_empty_space height=&#8221;50px&#8221;][vc_single_image image=&#8221;958&#8243; img_size=&#8221;&#8221; onclick=&#8221;custom_link&#8221; link=&#8221;https:\/\/www.g3inspecaognv.com.br\/queimados\/utilitario-com-sistema-de-gnv-instalado\/&#8221;][vc_empty_space height=&#8221;20px&#8221;]\n    <div class=\"wprt-headings style-1 clearfix text-left \">\n        <h6 class=\"heading \" >Utilit\u00e1rio com Sistema de GNV Instalado<\/h6>\n        \n            <\/div>\n        \n[vc_empty_space height=&#8221;50px&#8221;][\/vc_column_inner][vc_column_inner width=&#8221;1\/2&#8243;][vc_empty_space height=&#8221;50px&#8221;][vc_single_image image=&#8221;960&#8243; img_size=&#8221;&#8221; onclick=&#8221;custom_link&#8221; link=&#8221;https:\/\/www.g3inspecaognv.com.br\/queimados\/camioneta-com-sistema-de-gnv-instalado\/&#8221;][vc_empty_space height=&#8221;20px&#8221;]\n    <div class=\"wprt-headings style-1 clearfix text-left \">\n        <h6 class=\"heading \" >Camioneta com Sistema de GNV Instalado<\/h6>\n        \n            <\/div>\n        \n[vc_empty_space height=&#8221;50px&#8221;][\/vc_column_inner][\/vc_row_inner][\/vc_column][vc_column width=&#8221;1\/6&#8243;][\/vc_column][\/vc_row][vc_row][vc_column width=&#8221;1\/6&#8243;][\/vc_column][vc_column width=&#8221;2\/3&#8243;]\n    <div class=\"wprt-headings style-1 clearfix text-center \">\n        <h2 class=\"heading \" >Perguntas Frequentes<\/h2>\n                    <div class=\"sep clearfix\"><\/div>\n        \n            <\/div>\n        \n[vc_empty_space height=&#8221;50px&#8221;]\n    <div class=\"wprt-accordions style-2 \">\n                <div class=\"accordion-item no-icon active\">\n            <h3 class=\"accordion-heading\">\n                <span class=\"inner\">Qual a Diferen\u00e7a entre Ciclomotor, Motoneta e Motocicleta?<\/span>\n            <\/h3>\n            <div class=\"accordion-content\">\n                De acordo com o CTB, ciclomotor \u00e9 um ve\u00edculo de duas ou tr\u00eas rodas, com motor de combust\u00e3o interna, cuja capacidade c\u00fabica n\u00e3o ultrapasse 50 cm\u00b3 e a velocidade final n\u00e3o exceda os 50 quil\u00f4metros por hora. De acordo com o CTB uma motoneta \u00e9 caracterizada por ser um ve\u00edculo automotor de duas rodas, dirigido por condutor em posi\u00e7\u00e3o sentada. J\u00e1 a motocicleta pode ser considerada ve\u00edculo automotor de duas rodas, com ou sem side-car, dirigido por condutor em posi\u00e7\u00e3o montada.             <\/div>\n        <\/div>\n                <div class=\"accordion-item no-icon \">\n            <h3 class=\"accordion-heading\">\n                <span class=\"inner\">Qual a Diferen\u00e7a entre Caminhonete e Camioneta?<\/span>\n            <\/h3>\n            <div class=\"accordion-content\">\n                De acordo com o CTB, caminhonete \u00e9 um ve\u00edculo destinado ao transporte de carga com peso bruto total de at\u00e9 tr\u00eas mil e quinhentos quilogramas. J\u00e1 a camioneta \u00e9 um ve\u00edculo misto destinado ao transporte de passageiros e carga no mesmo compartimento.            <\/div>\n        <\/div>\n                <div class=\"accordion-item no-icon \">\n            <h3 class=\"accordion-heading\">\n                <span class=\"inner\">Quais Itens s\u00e3o Examinados na Vistoria?<\/span>\n            <\/h3>\n            <div class=\"accordion-content\">\n                Os principais itens verificados s\u00e3o:<br>\n<br>\n<strong>Pneus:<\/strong> s\u00e3o verificadas as condi\u00e7\u00f5es de uso e a integridade dos componentes. Os chamados \u201cpneus carecas\u201d s\u00e3o aqueles que apresentam desgaste abaixo da marca\u00e7\u00e3o TWI (que indica o limite m\u00e1ximo de uso do pneu);<br>\n<br>\n<strong>Ilumina\u00e7\u00e3o:<\/strong> s\u00e3o verificados todos os itens de sinaliza\u00e7\u00e3o e ilumina\u00e7\u00e3o do ve\u00edculo, como setas de dire\u00e7\u00e3o, lanternas, far\u00f3is, etc;<br>\n<br>\n<strong>Suspens\u00e3o:<\/strong> \u00e9 verificada a efic\u00e1cia do alinhamento do ve\u00edculo, suspens\u00e3o e freios. Para isso, s\u00e3o utilizados equipamentos automatizados para medir a press\u00e3o dos amortecedores, condi\u00e7\u00f5es de frenagem e alinhamento de rodas e suspens\u00e3o.<br>            <\/div>\n        <\/div>\n                <div class=\"accordion-item no-icon \">\n            <h3 class=\"accordion-heading\">\n                <span class=\"inner\">O que \u00e9 a Inspe\u00e7\u00e3o de Seguran\u00e7a Veicular?<\/span>\n            <\/h3>\n            <div class=\"accordion-content\">\n                Processo de avalia\u00e7\u00e3o de um ve\u00edculo, visando verificar suas condi\u00e7\u00f5es de seguran\u00e7a, para que seja permitida, ou n\u00e3o, sua circula\u00e7\u00e3o em vias p\u00fablicas. Tal avalia\u00e7\u00e3o deve ser realizada em esta\u00e7\u00f5es de inspe\u00e7\u00e3o, com o ve\u00edculo apresentando-se em condi\u00e7\u00f5es de limpeza, que possibilitem a observa\u00e7\u00e3o da estrutura, sistemas, componentes e identifica\u00e7\u00e3o. Na inspe\u00e7\u00e3o, o ve\u00edculo n\u00e3o pode transportar ningu\u00e9m al\u00e9m do condutor. Toda a inspe\u00e7\u00e3o deve ser realizada por inspetores qualificados e habilitados e equipamentos calibrados. Durante a inspe\u00e7\u00e3o, n\u00e3o pode ser desmontado nenhum componente do ve\u00edculo.            <\/div>\n        <\/div>\n                <div class=\"accordion-item no-icon \">\n            <h3 class=\"accordion-heading\">\n                <span class=\"inner\">E se meu ve\u00edculo for reprovado?<\/span>\n            <\/h3>\n            <div class=\"accordion-content\">\n                O propriet\u00e1rio do ve\u00edculo\/equipamento receber\u00e1 um relat\u00f3rio constando todas as N\u00e3o Conformidades encontradas e ter\u00e1 um prazo de 30 dias corridos para regularizar os itens de reprova\u00e7\u00e3o e reapresenta-los a fim de constatar a conformidade. Caso o cliente perca o prazo o ve\u00edculo\/equipamento ser\u00e1 submetido a uma nova inspe\u00e7\u00e3o completa e com custos.\n            <\/div>\n        <\/div>\n            <\/div>\n        \n[vc_empty_space height=&#8221;100px&#8221;][\/vc_column][vc_column width=&#8221;1\/6&#8243;][\/vc_column][\/vc_row]<\/p>\n","protected":false},"excerpt":{"rendered":"<p>[vc_row][vc_column width=&#8221;1\/6&#8243;][\/vc_column][vc_column width=&#8221;2\/3&#8243;][vc_row_inner][vc_column_inner][vc_empty_space height=&#8221;50px&#8221;][vc_empty_space height=&#8221;50px&#8221;][\/vc_column_inner][\/vc_row_inner][vc_row_inner][vc_column_inner width=&#8221;1\/2&#8243;][vc_single_image image=&#8221;956&#8243; img_size=&#8221;&#8221; onclick=&#8221;custom_link&#8221; link=&#8221;https:\/\/www.g3inspecaognv.com.br\/queimados\/automovel-com-sistema-de-gnv-instalado\/&#8221;][vc_empty_space height=&#8221;20px&#8221;][\/vc_column_inner][vc_column_inner width=&#8221;1\/2&#8243;][vc_single_image image=&#8221;955&#8243; img_size=&#8221;&#8221; onclick=&#8221;custom_link&#8221; link=&#8221;https:\/\/www.g3inspecaognv.com.br\/queimados\/caminhonete-com-sistema-de-gnv-instalado\/&#8221;][vc_empty_space height=&#8221;20px&#8221;][\/vc_column_inner][\/vc_row_inner][vc_row_inner][vc_column_inner width=&#8221;1\/2&#8243;][vc_empty_space height=&#8221;50px&#8221;][vc_single_image image=&#8221;958&#8243; img_size=&#8221;&#8221; onclick=&#8221;custom_link&#8221; link=&#8221;https:\/\/www.g3inspecaognv.com.br\/queimados\/utilitario-com-sistema-de-gnv-instalado\/&#8221;][vc_empty_space height=&#8221;20px&#8221;][vc_empty_space height=&#8221;50px&#8221;][\/vc_column_inner][vc_column_inner width=&#8221;1\/2&#8243;][vc_empty_space height=&#8221;50px&#8221;][vc_single_image image=&#8221;960&#8243; img_size=&#8221;&#8221; onclick=&#8221;custom_link&#8221; link=&#8221;https:\/\/www.g3inspecaognv.com.br\/queimados\/camioneta-com-sistema-de-gnv-instalado\/&#8221;][vc_empty_space height=&#8221;20px&#8221;][vc_empty_space height=&#8221;50px&#8221;][\/vc_column_inner][\/vc_row_inner][\/vc_column][vc_column width=&#8221;1\/6&#8243;][\/vc_column][\/vc_row][vc_row][vc_column width=&#8221;1\/6&#8243;][\/vc_column][vc_column width=&#8221;2\/3&#8243;][vc_empty_space height=&#8221;50px&#8221;][vc_empty_space height=&#8221;100px&#8221;][\/vc_column][vc_column width=&#8221;1\/6&#8243;][\/vc_column][\/vc_row]<\/p>\n","protected":false},"author":1,"featured_media":0,"parent":0,"menu_order":0,"comment_status":"closed","ping_status":"closed","template":"page-templates\/template-fullwidth.php","meta":{"footnotes":""},"class_list":["post-160","page","type-page","status-publish","hentry"],"_links":{"self":[{"href":"https:\/\/www.g3inspecaognv.com.br\/queimados\/wp-json\/wp\/v2\/pages\/160","targetHints":{"allow":["GET"]}}],"collection":[{"href":"https:\/\/www.g3inspecaognv.com.br\/queimados\/wp-json\/wp\/v2\/pages"}],"about":[{"href":"https:\/\/www.g3inspecaognv.com.br\/queimados\/wp-json\/wp\/v2\/types\/page"}],"author":[{"embeddable":true,"href":"https:\/\/www.g3inspecaognv.com.br\/queimados\/wp-json\/wp\/v2\/users\/1"}],"replies":[{"embeddable":true,"href":"https:\/\/www.g3inspecaognv.com.br\/queimados\/wp-json\/wp\/v2\/comments?post=160"}],"version-history":[{"count":13,"href":"https:\/\/www.g3inspecaognv.com.br\/queimados\/wp-json\/wp\/v2\/pages\/160\/revisions"}],"predecessor-version":[{"id":1148,"href":"https:\/\/www.g3inspecaognv.com.br\/queimados\/wp-json\/wp\/v2\/pages\/160\/revisions\/1148"}],"wp:attachment":[{"href":"https:\/\/www.g3inspecaognv.com.br\/queimados\/wp-json\/wp\/v2\/media?parent=160"}],"curies":[{"name":"wp","href":"https:\/\/api.w.org\/{rel}","templated":true}]}}